{"id":4143,"date":"2026-03-20T13:04:25","date_gmt":"2026-03-20T12:04:25","guid":{"rendered":"https:\/\/imani4children.org\/?page_id=4143"},"modified":"2026-03-20T18:06:41","modified_gmt":"2026-03-20T17:06:41","slug":"ce-que-nous-faisons","status":"publish","type":"page","link":"https:\/\/imani4children.org\/fr\/ce-que-nous-faisons\/","title":{"rendered":"Nos activit\u00e9s"},"content":{"rendered":"\t\t<div data-elementor-type=\"wp-page\" data-elementor-id=\"4143\" class=\"elementor elementor-4143 elementor-4125\">\n\t\t\t\t<div class=\"elementor-element elementor-element-21cd362 e-flex e-con-boxed e-con e-parent\" data-id=\"21cd362\" data-element_type=\"container\">\n\t\t\t\t\t<div class=\"e-con-inner\">\n\t\t\t\t<div class=\"elementor-element elementor-element-fe1f2ee elementor-widget elementor-widget-heading\" data-id=\"fe1f2ee\" data-element_type=\"widget\" data-widget_type=\"heading.default\">\n\t\t\t\t\t<h2 class=\"elementor-heading-title elementor-size-default\">Avec IMANI4CHILDREN, nous souhaitons nous impliquer activement dans la collecte de fonds pour soutenir des projets d\u00e9di\u00e9s aux enfants du monde entier !<\/h2>\t\t\t\t<\/div>\n\t\t\t\t\t<\/div>\n\t\t\t\t<\/div>\n\t\t<div class=\"elementor-element elementor-element-52d1496 e-flex e-con-boxed e-con e-parent\" data-id=\"52d1496\" data-element_type=\"container\">\n\t\t\t\t\t<div class=\"e-con-inner\">\n\t\t\t\t<div class=\"elementor-element elementor-element-7b06621 elementor-widget-divider--view-line elementor-widget elementor-widget-divider\" data-id=\"7b06621\" data-element_type=\"widget\" data-widget_type=\"divider.default\">\n\t\t\t\t\t\t\t<div class=\"elementor-divider\">\n\t\t\t<span class=\"elementor-divider-separator\">\n\t\t\t\t\t\t<\/span>\n\t\t<\/div>\n\t\t\t\t\t\t<\/div>\n\t\t\t\t\t<\/div>\n\t\t\t\t<\/div>\n\t\t<div class=\"elementor-element elementor-element-31d0ced e-flex e-con-boxed e-con e-parent\" data-id=\"31d0ced\" data-element_type=\"container\">\n\t\t\t\t\t<div class=\"e-con-inner\">\n\t\t<div class=\"elementor-element elementor-element-dce4db1 e-con-full e-flex e-con e-child\" data-id=\"dce4db1\" data-element_type=\"container\">\n\t\t\t\t<div class=\"elementor-element elementor-element-30b1fb7 elementor-widget elementor-widget-text-editor\" data-id=\"30b1fb7\" data-element_type=\"widget\" data-widget_type=\"text-editor.default\">\n\t\t\t\t\t\t\t\t\t<p>En cette \u00e8re marqu\u00e9e par la guerre, l&rsquo;\u00e9go\u00efsme et l&rsquo;individualisme, o\u00f9 les distances semblent trop souvent infranchissables, les diff\u00e9rences des barri\u00e8res et les in\u00e9galit\u00e9s insurmontables, notre association est n\u00e9e du d\u00e9sir d&rsquo;agir, m\u00eame modestement, pour nous rapprocher des plus d\u00e9munis, des plus vuln\u00e9rables et surtout des enfants !<\/p><p>Nous croyons en l&rsquo;importance d&rsquo;\u00eatre pr\u00e9sents, de ne pas d\u00e9tourner le regard, de ne pas penser que notre contribution est insuffisante ou qu&rsquo;elle appartient \u00e0 autrui. Aujourd&rsquo;hui plus que jamais, l&rsquo;humanit\u00e9 se mesure \u00e0 la fa\u00e7on dont nous prenons soin des plus d\u00e9munis. De petits projets peuvent v\u00e9ritablement transformer le quotidien de nombreuses personnes, le rendant plus juste et plus riche d&rsquo;opportunit\u00e9s.<\/p><p>Nous tenons \u00e9galement \u00e0 souligner que chaque euro collect\u00e9 sera int\u00e9gralement consacr\u00e9 aux projets. Nous n&rsquo;avons aucun frais de fonctionnement et tous les frais li\u00e9s aux activit\u00e9s et aux d\u00e9placements de nos b\u00e9n\u00e9voles sont \u00e0 la charge de leurs participants. Tous les dons sont int\u00e9gralement revers\u00e9s aux communaut\u00e9s et aux enfants, sans interm\u00e9diaires ni gaspillage.<\/p>\t\t\t\t\t\t\t\t<\/div>\n\t\t\t\t<\/div>\n\t\t<div class=\"elementor-element elementor-element-37c0497 e-con-full e-flex e-con e-child\" data-id=\"37c0497\" data-element_type=\"container\">\n\t\t\t\t<div class=\"elementor-element elementor-element-6de2345 elementor-widget elementor-widget-image\" data-id=\"6de2345\" data-element_type=\"widget\" data-widget_type=\"image.default\">\n\t\t\t\t\t\t\t\t\t\t\t\t\t\t\t<img loading=\"lazy\" decoding=\"async\" width=\"1024\" height=\"1024\" src=\"https:\/\/imani4children.org\/wp-content\/uploads\/2026\/03\/bambini-felici-del-colpo-medio-posa-scaled-1-1024x1024.jpg\" class=\"attachment-large size-large wp-image-4145\" alt=\"\" srcset=\"https:\/\/imani4children.org\/wp-content\/uploads\/2026\/03\/bambini-felici-del-colpo-medio-posa-scaled-1-1024x1024.jpg 1024w, https:\/\/imani4children.org\/wp-content\/uploads\/2026\/03\/bambini-felici-del-colpo-medio-posa-scaled-1-300x300.jpg 300w, https:\/\/imani4children.org\/wp-content\/uploads\/2026\/03\/bambini-felici-del-colpo-medio-posa-scaled-1-150x150.jpg 150w, https:\/\/imani4children.org\/wp-content\/uploads\/2026\/03\/bambini-felici-del-colpo-medio-posa-scaled-1-768x768.jpg 768w, https:\/\/imani4children.org\/wp-content\/uploads\/2026\/03\/bambini-felici-del-colpo-medio-posa-scaled-1-1536x1536.jpg 1536w, https:\/\/imani4children.org\/wp-content\/uploads\/2026\/03\/bambini-felici-del-colpo-medio-posa-scaled-1-2048x2048.jpg 2048w\" sizes=\"auto, (max-width: 1024px) 100vw, 1024px\" \/>\t\t\t\t\t\t\t\t\t\t\t\t\t\t\t<\/div>\n\t\t\t\t<\/div>\n\t\t\t\t\t<\/div>\n\t\t\t\t<\/div>\n\t\t<div class=\"elementor-element elementor-element-0150258 e-flex e-con-boxed e-con e-parent\" data-id=\"0150258\" data-element_type=\"container\">\n\t\t\t\t\t<div class=\"e-con-inner\">\n\t\t\t\t<div class=\"elementor-element elementor-element-2574392 elementor-widget-divider--view-line elementor-widget elementor-widget-divider\" data-id=\"2574392\" data-element_type=\"widget\" data-widget_type=\"divider.default\">\n\t\t\t\t\t\t\t<div class=\"elementor-divider\">\n\t\t\t<span class=\"elementor-divider-separator\">\n\t\t\t\t\t\t<\/span>\n\t\t<\/div>\n\t\t\t\t\t\t<\/div>\n\t\t\t\t<div class=\"elementor-element elementor-element-a99d4f0 elementor-widget elementor-widget-heading\" data-id=\"a99d4f0\" data-element_type=\"widget\" data-widget_type=\"heading.default\">\n\t\t\t\t\t<h2 class=\"elementor-heading-title elementor-size-default\">Votre contribution \u00e0 nos projets est plus importante que vous ne le pensez !\n\nNous nous engageons \u00e0 faire preuve de transparence et \u00e0 veiller \u00e0 ce que les fonds collect\u00e9s parviennent \u00e0 destination.<\/h2>\t\t\t\t<\/div>\n\t\t\t\t<div class=\"elementor-element elementor-element-1652cf6 elementor-widget-divider--view-line elementor-widget elementor-widget-divider\" data-id=\"1652cf6\" data-element_type=\"widget\" data-widget_type=\"divider.default\">\n\t\t\t\t\t\t\t<div class=\"elementor-divider\">\n\t\t\t<span class=\"elementor-divider-separator\">\n\t\t\t\t\t\t<\/span>\n\t\t<\/div>\n\t\t\t\t\t\t<\/div>\n\t\t\t\t\t<\/div>\n\t\t\t\t<\/div>\n\t\t<div class=\"elementor-element elementor-element-3f3a152 e-flex e-con-boxed e-con e-parent\" data-id=\"3f3a152\" data-element_type=\"container\">\n\t\t\t\t\t<div class=\"e-con-inner\">\n\t\t\t\t<div class=\"elementor-element elementor-element-1b572b7 elementor-widget elementor-widget-image\" data-id=\"1b572b7\" data-element_type=\"widget\" data-widget_type=\"image.default\">\n\t\t\t\t\t\t\t\t\t\t\t\t\t\t\t<img loading=\"lazy\" decoding=\"async\" width=\"2560\" height=\"922\" src=\"https:\/\/imani4children.org\/wp-content\/uploads\/2026\/03\/ragazzi-tutto-tondo-che-corrono-dietro-alla-palla-scaled-1.jpg\" class=\"attachment-full size-full wp-image-4146\" alt=\"\" srcset=\"https:\/\/imani4children.org\/wp-content\/uploads\/2026\/03\/ragazzi-tutto-tondo-che-corrono-dietro-alla-palla-scaled-1.jpg 2560w, https:\/\/imani4children.org\/wp-content\/uploads\/2026\/03\/ragazzi-tutto-tondo-che-corrono-dietro-alla-palla-scaled-1-300x108.jpg 300w, https:\/\/imani4children.org\/wp-content\/uploads\/2026\/03\/ragazzi-tutto-tondo-che-corrono-dietro-alla-palla-scaled-1-1024x369.jpg 1024w, https:\/\/imani4children.org\/wp-content\/uploads\/2026\/03\/ragazzi-tutto-tondo-che-corrono-dietro-alla-palla-scaled-1-768x277.jpg 768w, https:\/\/imani4children.org\/wp-content\/uploads\/2026\/03\/ragazzi-tutto-tondo-che-corrono-dietro-alla-palla-scaled-1-1536x553.jpg 1536w, https:\/\/imani4children.org\/wp-content\/uploads\/2026\/03\/ragazzi-tutto-tondo-che-corrono-dietro-alla-palla-scaled-1-2048x738.jpg 2048w\" sizes=\"auto, (max-width: 2560px) 100vw, 2560px\" \/>\t\t\t\t\t\t\t\t\t\t\t\t\t\t\t<\/div>\n\t\t\t\t\t<\/div>\n\t\t\t\t<\/div>\n\t\t<div class=\"elementor-element elementor-element-acd913b e-flex e-con-boxed e-con e-parent\" data-id=\"acd913b\" data-element_type=\"container\">\n\t\t\t\t\t<div class=\"e-con-inner\">\n\t\t\t\t<div class=\"elementor-element elementor-element-9ba84fd elementor-widget elementor-widget-text-editor\" data-id=\"9ba84fd\" data-element_type=\"widget\" data-widget_type=\"text-editor.default\">\n\t\t\t\t\t\t\t\t\t<p>Imani, en swahili, signifie confiance. Nous avons choisi ce nom car nous ne voulons pas perdre espoir en ces temps o\u00f9 le d\u00e9couragement est facile. C&rsquo;est une fa\u00e7on de tendre la main aux personnes d\u00e9favoris\u00e9es, principalement en raison de leurs origines. Par des actions concr\u00e8tes, nous voulons offrir des opportunit\u00e9s aux enfants en situation de vuln\u00e9rabilit\u00e9. Nous croyons qu&rsquo;avec la force d&rsquo;un groupe et un engagement partag\u00e9, il est possible de transformer les difficult\u00e9s en opportunit\u00e9s. Nous ne pr\u00e9tendons pas changer le monde, mais nous pouvons y contribuer, en donnant un peu plus d&rsquo;espoir \u00e0 ceux qui en ont d\u00e9j\u00e0 trop peu.<\/p>\t\t\t\t\t\t\t\t<\/div>\n\t\t\t\t<div class=\"elementor-element elementor-element-f1644a0 elementor-widget-divider--view-line elementor-widget elementor-widget-divider\" data-id=\"f1644a0\" data-element_type=\"widget\" data-widget_type=\"divider.default\">\n\t\t\t\t\t\t\t<div class=\"elementor-divider\">\n\t\t\t<span class=\"elementor-divider-separator\">\n\t\t\t\t\t\t<\/span>\n\t\t<\/div>\n\t\t\t\t\t\t<\/div>\n\t\t\t\t\t<\/div>\n\t\t\t\t<\/div>\n\t\t<div class=\"elementor-element elementor-element-96bb23d e-flex e-con-boxed e-con e-parent\" data-id=\"96bb23d\" data-element_type=\"container\">\n\t\t\t\t\t<div class=\"e-con-inner\">\n\t\t<div class=\"elementor-element elementor-element-3e32f12 e-con-full e-flex e-con e-child\" data-id=\"3e32f12\" data-element_type=\"container\">\n\t\t<div class=\"elementor-element elementor-element-5cf871a e-con-full e-flex e-con e-child\" data-id=\"5cf871a\" data-element_type=\"container\">\n\t\t<div class=\"elementor-element elementor-element-09e1981 e-con-full e-flex e-con e-child\" data-id=\"09e1981\" data-element_type=\"container\">\n\t\t\t\t<div class=\"elementor-element elementor-element-4fbb994 elementor-widget elementor-widget-heading\" data-id=\"4fbb994\" data-element_type=\"widget\" data-widget_type=\"heading.default\">\n\t\t\t\t\t<h2 class=\"elementor-heading-title elementor-size-default\">Recherche de membres<\/h2>\t\t\t\t<\/div>\n\t\t\t\t<div class=\"elementor-element elementor-element-1b43f3a elementor-widget elementor-widget-image\" data-id=\"1b43f3a\" data-element_type=\"widget\" data-widget_type=\"image.default\">\n\t\t\t\t\t\t\t\t\t\t\t\t\t\t\t<img loading=\"lazy\" decoding=\"async\" width=\"768\" height=\"1024\" src=\"https:\/\/imani4children.org\/wp-content\/uploads\/2026\/03\/Untitled-design4-1-768x1024.jpg\" class=\"attachment-large size-large wp-image-3520\" alt=\"\" srcset=\"https:\/\/imani4children.org\/wp-content\/uploads\/2026\/03\/Untitled-design4-1-768x1024.jpg 768w, https:\/\/imani4children.org\/wp-content\/uploads\/2026\/03\/Untitled-design4-1-225x300.jpg 225w, https:\/\/imani4children.org\/wp-content\/uploads\/2026\/03\/Untitled-design4-1.jpg 1080w\" sizes=\"auto, (max-width: 768px) 100vw, 768px\" \/>\t\t\t\t\t\t\t\t\t\t\t\t\t\t\t<\/div>\n\t\t\t\t<\/div>\n\t\t\t\t<div class=\"elementor-element elementor-element-692acd4 elementor-widget elementor-widget-text-editor\" data-id=\"692acd4\" data-element_type=\"widget\" data-widget_type=\"text-editor.default\">\n\t\t\t\t\t\t\t\t\t<p>Nos membres constituent l&rsquo;une de nos plus grandes richesses. Ils nous soutiennent ann\u00e9e apr\u00e8s ann\u00e9e gr\u00e2ce \u00e0 leur cotisation annuelle, participent \u00e0 la vie de l&rsquo;association, proposent des id\u00e9es et travaillent \u00e0 nos c\u00f4t\u00e9s.<\/p>\t\t\t\t\t\t\t\t<\/div>\n\t\t\t\t<div class=\"elementor-element elementor-element-3d719a2 elementor-widget elementor-widget-button\" data-id=\"3d719a2\" data-element_type=\"widget\" data-widget_type=\"button.default\">\n\t\t\t\t\t\t\t\t\t\t<a class=\"elementor-button elementor-button-link elementor-size-sm\" href=\"https:\/\/imani4children.org\/fr\/iscriviti-alla-nostra-associazione\/\">\n\t\t\t\t\t\t<span class=\"elementor-button-content-wrapper\">\n\t\t\t\t\t\t\t\t\t<span class=\"elementor-button-text\">ABONNEZ-VOUS AUSSI<\/span>\n\t\t\t\t\t<\/span>\n\t\t\t\t\t<\/a>\n\t\t\t\t\t\t\t\t<\/div>\n\t\t\t\t<\/div>\n\t\t\t\t<\/div>\n\t\t<div class=\"elementor-element elementor-element-4b94d90 e-con-full e-flex e-con e-child\" data-id=\"4b94d90\" data-element_type=\"container\">\n\t\t<div class=\"elementor-element elementor-element-fffe72d e-con-full e-flex e-con e-child\" data-id=\"fffe72d\" data-element_type=\"container\">\n\t\t<div class=\"elementor-element elementor-element-c67981d e-con-full e-flex e-con e-child\" data-id=\"c67981d\" data-element_type=\"container\">\n\t\t\t\t<div class=\"elementor-element elementor-element-43d2eef elementor-widget elementor-widget-heading\" data-id=\"43d2eef\" data-element_type=\"widget\" data-widget_type=\"heading.default\">\n\t\t\t\t\t<h2 class=\"elementor-heading-title elementor-size-default\">Collecte de dons<\/h2>\t\t\t\t<\/div>\n\t\t\t\t<div class=\"elementor-element elementor-element-30a73c9 elementor-widget elementor-widget-image\" data-id=\"30a73c9\" data-element_type=\"widget\" data-widget_type=\"image.default\">\n\t\t\t\t\t\t\t\t\t\t\t\t\t\t\t<img loading=\"lazy\" decoding=\"async\" width=\"819\" height=\"1024\" src=\"https:\/\/imani4children.org\/wp-content\/uploads\/2026\/03\/Your-paragraph-text1-819x1024.jpg\" class=\"attachment-large size-large wp-image-3407\" alt=\"\" srcset=\"https:\/\/imani4children.org\/wp-content\/uploads\/2026\/03\/Your-paragraph-text1-819x1024.jpg 819w, https:\/\/imani4children.org\/wp-content\/uploads\/2026\/03\/Your-paragraph-text1-240x300.jpg 240w, https:\/\/imani4children.org\/wp-content\/uploads\/2026\/03\/Your-paragraph-text1-768x960.jpg 768w, https:\/\/imani4children.org\/wp-content\/uploads\/2026\/03\/Your-paragraph-text1.jpg 1080w\" sizes=\"auto, (max-width: 819px) 100vw, 819px\" \/>\t\t\t\t\t\t\t\t\t\t\t\t\t\t\t<\/div>\n\t\t\t\t<\/div>\n\t\t\t\t<div class=\"elementor-element elementor-element-5d4c4ee elementor-widget elementor-widget-text-editor\" data-id=\"5d4c4ee\" data-element_type=\"widget\" data-widget_type=\"text-editor.default\">\n\t\t\t\t\t\t\t\t\t<p>Les particuliers et les entreprises peuvent faire des dons, d\u00e9ductibles d&rsquo;imp\u00f4t gr\u00e2ce \u00e0 notre inscription aupr\u00e8s de RUNTS, afin de soutenir des projets sp\u00e9cifiques. Nous veillons \u00e0 tenir les donateurs inform\u00e9s de l&rsquo;avancement de chaque projet.<\/p><p>Nous sommes \u00e9galement habilit\u00e9s \u00e0 recevoir le don d\u00e9ductible d&rsquo;imp\u00f4t 5xmille.<\/p>\t\t\t\t\t\t\t\t<\/div>\n\t\t\t\t<div class=\"elementor-element elementor-element-d6d2b93 elementor-widget elementor-widget-button\" data-id=\"d6d2b93\" data-element_type=\"widget\" data-widget_type=\"button.default\">\n\t\t\t\t\t\t\t\t\t\t<a class=\"elementor-button elementor-button-link elementor-size-sm\" href=\"https:\/\/imani4children.org\/fr\/dona-ora\/\">\n\t\t\t\t\t\t<span class=\"elementor-button-content-wrapper\">\n\t\t\t\t\t\t\t\t\t<span class=\"elementor-button-text\">FAIRE UN DON<\/span>\n\t\t\t\t\t<\/span>\n\t\t\t\t\t<\/a>\n\t\t\t\t\t\t\t\t<\/div>\n\t\t\t\t<\/div>\n\t\t\t\t<\/div>\n\t\t<div class=\"elementor-element elementor-element-5446937 e-con-full e-flex e-con e-child\" data-id=\"5446937\" data-element_type=\"container\">\n\t\t<div class=\"elementor-element elementor-element-389b6d7 e-con-full e-flex e-con e-child\" data-id=\"389b6d7\" data-element_type=\"container\">\n\t\t\t\t<div class=\"elementor-element elementor-element-1cae107 elementor-widget elementor-widget-heading\" data-id=\"1cae107\" data-element_type=\"widget\" data-widget_type=\"heading.default\">\n\t\t\t\t\t<h2 class=\"elementor-heading-title elementor-size-default\">\u00c9v\u00e9nements<\/h2>\t\t\t\t<\/div>\n\t\t<div class=\"elementor-element elementor-element-09e7c44 e-con-full e-flex e-con e-child\" data-id=\"09e7c44\" data-element_type=\"container\">\n\t\t\t\t<div class=\"elementor-element elementor-element-67a6c30 elementor-widget elementor-widget-image\" data-id=\"67a6c30\" data-element_type=\"widget\" data-widget_type=\"image.default\">\n\t\t\t\t\t\t\t\t\t\t\t\t\t\t\t<img decoding=\"async\" src=\"https:\/\/imani4children.org\/wp-content\/uploads\/2025\/12\/1.jpg\" title=\"1\" alt=\"1\" loading=\"lazy\" \/>\t\t\t\t\t\t\t\t\t\t\t\t\t\t\t<\/div>\n\t\t\t\t<\/div>\n\t\t\t\t<div class=\"elementor-element elementor-element-0575626 elementor-widget elementor-widget-text-editor\" data-id=\"0575626\" data-element_type=\"widget\" data-widget_type=\"text-editor.default\">\n\t\t\t\t\t\t\t\t\t<p>Nous organisons des \u00e9v\u00e9nements pour partager des moments conviviaux et collecter des fonds pour nos projets. Pour ce faire, nous recherchons des lieux, des sponsors et des b\u00e9n\u00e9voles.<\/p><p>L&rsquo;int\u00e9gralit\u00e9 des b\u00e9n\u00e9fices, apr\u00e8s d\u00e9duction des frais directs, est revers\u00e9e aux projets.<\/p><p>Nous pr\u00e9sentons notre travail aux associations culturelles et sportives afin de les faire conna\u00eetre et de promouvoir les projets que nous soutenons.<\/p><p>Nous avons \u00e9tabli un partenariat avec l&rsquo;espace convivial \u00ab\u00a0Ciapa la moto\u00a0\u00bb pour nos grands \u00e9v\u00e9nements et avec le magnifique espace \u00ab\u00a0Tana Liberi Tutti\u00a0\u00bb \u00e0 Milan pour l&rsquo;organisation r\u00e9guli\u00e8re de d\u00eeners de charit\u00e9.<\/p>\t\t\t\t\t\t\t\t<\/div>\n\t\t\t\t<\/div>\n\t\t\t\t<\/div>\n\t\t<div class=\"elementor-element elementor-element-c51c904 e-con-full e-flex e-con e-child\" data-id=\"c51c904\" data-element_type=\"container\">\n\t\t<div class=\"elementor-element elementor-element-9ea83b4 e-con-full e-flex e-con e-child\" data-id=\"9ea83b4\" data-element_type=\"container\">\n\t\t<div class=\"elementor-element elementor-element-e4e975e e-con-full e-flex e-con e-child\" data-id=\"e4e975e\" data-element_type=\"container\">\n\t\t\t\t<div class=\"elementor-element elementor-element-f158cf9 elementor-widget elementor-widget-heading\" data-id=\"f158cf9\" data-element_type=\"widget\" data-widget_type=\"heading.default\">\n\t\t\t\t\t<h2 class=\"elementor-heading-title elementor-size-default\">Des suggestions ?<\/h2>\t\t\t\t<\/div>\n\t\t\t\t<div class=\"elementor-element elementor-element-b10e78b elementor-widget elementor-widget-image\" data-id=\"b10e78b\" data-element_type=\"widget\" data-widget_type=\"image.default\">\n\t\t\t\t\t\t\t\t\t\t\t\t\t\t\t<img loading=\"lazy\" decoding=\"async\" width=\"819\" height=\"1024\" src=\"https:\/\/imani4children.org\/wp-content\/uploads\/2025\/12\/4-819x1024.jpg\" class=\"attachment-large size-large wp-image-2921\" alt=\"\" srcset=\"https:\/\/imani4children.org\/wp-content\/uploads\/2025\/12\/4-819x1024.jpg 819w, https:\/\/imani4children.org\/wp-content\/uploads\/2025\/12\/4-240x300.jpg 240w, https:\/\/imani4children.org\/wp-content\/uploads\/2025\/12\/4-768x960.jpg 768w, https:\/\/imani4children.org\/wp-content\/uploads\/2025\/12\/4.jpg 1080w\" sizes=\"auto, (max-width: 819px) 100vw, 819px\" \/>\t\t\t\t\t\t\t\t\t\t\t\t\t\t\t<\/div>\n\t\t\t\t<\/div>\n\t\t\t\t<div class=\"elementor-element elementor-element-ce05eb9 elementor-widget elementor-widget-text-editor\" data-id=\"ce05eb9\" data-element_type=\"widget\" data-widget_type=\"text-editor.default\">\n\t\t\t\t\t\t\t\t\t<p>Nous recherchons des sponsors, des b\u00e9n\u00e9voles et des id\u00e9es.<\/p><p>Avez-vous d&rsquo;autres id\u00e9es ou suggestions \u00e0 nous faire part?<\/p><p>Contactez-nous : nous serions ravis d&rsquo;en discuter avec vous!<\/p>\t\t\t\t\t\t\t\t<\/div>\n\t\t\t\t<\/div>\n\t\t\t\t<\/div>\n\t\t\t\t\t<\/div>\n\t\t\t\t<\/div>\n\t\t\t\t<\/div>\n\t\t","protected":false},"excerpt":{"rendered":"<p>Avec IMANI4CHILDREN, nous souhaitons nous impliquer activement dans la collecte de fonds pour soutenir des projets d\u00e9di\u00e9s aux enfants du [&hellip;]<\/p>\n","protected":false},"author":1,"featured_media":2759,"parent":0,"menu_order":0,"comment_status":"closed","ping_status":"closed","template":"","meta":{"_eb_attr":"","site-sidebar-layout":"no-sidebar","site-content-layout":"","ast-site-content-layout":"full-width-container","site-content-style":"default","site-sidebar-style":"default","ast-global-header-display":"","ast-banner-title-visibility":"","ast-main-header-display":"","ast-hfb-above-header-display":"","ast-hfb-below-header-display":"","ast-hfb-mobile-header-display":"","site-post-title":"","ast-breadcrumbs-content":"","ast-featured-img":"disabled","footer-sml-layout":"","ast-disable-related-posts":"","theme-transparent-header-meta":"","adv-header-id-meta":"","stick-header-meta":"","header-above-stick-meta":"","header-main-stick-meta":"","header-below-stick-meta":"","astra-migrate-meta-layouts":"default","ast-page-background-enabled":"default","ast-page-background-meta":{"desktop":{"background-color":"var(--ast-global-color-5)","background-image":"","background-repeat":"repeat","background-position":"center center","background-size":"auto","background-attachment":"scroll","background-type":"","background-media":"","overlay-type":"","overlay-color":"","overlay-opacity":"","overlay-gradient":""},"tablet":{"background-color":"","background-image":"","background-repeat":"repeat","background-position":"center center","background-size":"auto","background-attachment":"scroll","background-type":"","background-media":"","overlay-type":"","overlay-color":"","overlay-opacity":"","overlay-gradient":""},"mobile":{"background-color":"","background-image":"","background-repeat":"repeat","background-position":"center center","background-size":"auto","background-attachment":"scroll","background-type":"","background-media":"","overlay-type":"","overlay-color":"","overlay-opacity":"","overlay-gradient":""}},"ast-content-background-meta":{"desktop":{"background-color":"var(--ast-global-color-4)","background-image":"","background-repeat":"repeat","background-position":"center center","background-size":"auto","background-attachment":"scroll","background-type":"","background-media":"","overlay-type":"","overlay-color":"","overlay-opacity":"","overlay-gradient":""},"tablet":{"background-color":"var(--ast-global-color-4)","background-image":"","background-repeat":"repeat","background-position":"center center","background-size":"auto","background-attachment":"scroll","background-type":"","background-media":"","overlay-type":"","overlay-color":"","overlay-opacity":"","overlay-gradient":""},"mobile":{"background-color":"var(--ast-global-color-4)","background-image":"","background-repeat":"repeat","background-position":"center center","background-size":"auto","background-attachment":"scroll","background-type":"","background-media":"","overlay-type":"","overlay-color":"","overlay-opacity":"","overlay-gradient":""}},"footnotes":""},"class_list":["post-4143","page","type-page","status-publish","has-post-thumbnail","hentry"],"yoast_head":"<!-- This site is optimized with the Yoast SEO plugin v26.1.1 - https:\/\/yoast.com\/wordpress\/plugins\/seo\/ -->\n<title>Nos activit\u00e9s - IMANI4CHILDREN - I4C<\/title>\n<meta name=\"robots\" content=\"index, follow, max-snippet:-1, max-image-preview:large, max-video-preview:-1\" \/>\n<link rel=\"canonical\" href=\"https:\/\/imani4children.org\/fr\/ce-que-nous-faisons\/\" \/>\n<meta property=\"og:locale\" content=\"fr_FR\" \/>\n<meta property=\"og:type\" content=\"article\" \/>\n<meta property=\"og:title\" content=\"Nos activit\u00e9s - IMANI4CHILDREN - I4C\" \/>\n<meta property=\"og:description\" content=\"Avec IMANI4CHILDREN, nous souhaitons nous impliquer activement dans la collecte de fonds pour soutenir des projets d\u00e9di\u00e9s aux enfants du [&hellip;]\" \/>\n<meta property=\"og:url\" content=\"https:\/\/imani4children.org\/fr\/ce-que-nous-faisons\/\" \/>\n<meta property=\"og:site_name\" content=\"IMANI4CHILDREN - I4C\" \/>\n<meta property=\"article:modified_time\" content=\"2026-03-20T17:06:41+00:00\" \/>\n<meta property=\"og:image\" content=\"https:\/\/imani4children.org\/wp-content\/uploads\/2025\/10\/bimbi-a-gaza-500-kb-scaled-e1761118836815.jpeg\" \/>\n\t<meta property=\"og:image:width\" content=\"2560\" \/>\n\t<meta property=\"og:image:height\" content=\"1425\" \/>\n\t<meta property=\"og:image:type\" content=\"image\/jpeg\" \/>\n<meta name=\"twitter:card\" content=\"summary_large_image\" \/>\n<meta name=\"twitter:label1\" content=\"Dur\u00e9e de lecture estim\u00e9e\" \/>\n\t<meta name=\"twitter:data1\" content=\"5 minutes\" \/>\n<script type=\"application\/ld+json\" class=\"yoast-schema-graph\">{\"@context\":\"https:\/\/schema.org\",\"@graph\":[{\"@type\":\"WebPage\",\"@id\":\"https:\/\/imani4children.org\/fr\/ce-que-nous-faisons\/\",\"url\":\"https:\/\/imani4children.org\/fr\/ce-que-nous-faisons\/\",\"name\":\"Nos activit\u00e9s - IMANI4CHILDREN - I4C\",\"isPartOf\":{\"@id\":\"https:\/\/imani4children.org\/fr\/#website\"},\"primaryImageOfPage\":{\"@id\":\"https:\/\/imani4children.org\/fr\/ce-que-nous-faisons\/#primaryimage\"},\"image\":{\"@id\":\"https:\/\/imani4children.org\/fr\/ce-que-nous-faisons\/#primaryimage\"},\"thumbnailUrl\":\"https:\/\/imani4children.org\/wp-content\/uploads\/2025\/10\/bimbi-a-gaza-500-kb-scaled-e1761118836815.jpeg\",\"datePublished\":\"2026-03-20T12:04:25+00:00\",\"dateModified\":\"2026-03-20T17:06:41+00:00\",\"breadcrumb\":{\"@id\":\"https:\/\/imani4children.org\/fr\/ce-que-nous-faisons\/#breadcrumb\"},\"inLanguage\":\"fr-FR\",\"potentialAction\":[{\"@type\":\"ReadAction\",\"target\":[\"https:\/\/imani4children.org\/fr\/ce-que-nous-faisons\/\"]}]},{\"@type\":\"ImageObject\",\"inLanguage\":\"fr-FR\",\"@id\":\"https:\/\/imani4children.org\/fr\/ce-que-nous-faisons\/#primaryimage\",\"url\":\"https:\/\/imani4children.org\/wp-content\/uploads\/2025\/10\/bimbi-a-gaza-500-kb-scaled-e1761118836815.jpeg\",\"contentUrl\":\"https:\/\/imani4children.org\/wp-content\/uploads\/2025\/10\/bimbi-a-gaza-500-kb-scaled-e1761118836815.jpeg\",\"width\":2560,\"height\":1425},{\"@type\":\"BreadcrumbList\",\"@id\":\"https:\/\/imani4children.org\/fr\/ce-que-nous-faisons\/#breadcrumb\",\"itemListElement\":[{\"@type\":\"ListItem\",\"position\":1,\"name\":\"Home\",\"item\":\"https:\/\/imani4children.org\/fr\/\"},{\"@type\":\"ListItem\",\"position\":2,\"name\":\"Nos activit\u00e9s\"}]},{\"@type\":\"WebSite\",\"@id\":\"https:\/\/imani4children.org\/fr\/#website\",\"url\":\"https:\/\/imani4children.org\/fr\/\",\"name\":\"IMANI4CHILDREN - I4C\",\"description\":\"Under Construction\",\"publisher\":{\"@id\":\"https:\/\/imani4children.org\/fr\/#organization\"},\"potentialAction\":[{\"@type\":\"SearchAction\",\"target\":{\"@type\":\"EntryPoint\",\"urlTemplate\":\"https:\/\/imani4children.org\/fr\/?s={search_term_string}\"},\"query-input\":{\"@type\":\"PropertyValueSpecification\",\"valueRequired\":true,\"valueName\":\"search_term_string\"}}],\"inLanguage\":\"fr-FR\"},{\"@type\":\"Organization\",\"@id\":\"https:\/\/imani4children.org\/fr\/#organization\",\"name\":\"IMANI4CHILDREN - I4C\",\"url\":\"https:\/\/imani4children.org\/fr\/\",\"logo\":{\"@type\":\"ImageObject\",\"inLanguage\":\"fr-FR\",\"@id\":\"https:\/\/imani4children.org\/fr\/#\/schema\/logo\/image\/\",\"url\":\"https:\/\/imani4children.org\/wp-content\/uploads\/2025\/11\/imani4children-logo.jpg\",\"contentUrl\":\"https:\/\/imani4children.org\/wp-content\/uploads\/2025\/11\/imani4children-logo.jpg\",\"width\":1137,\"height\":320,\"caption\":\"IMANI4CHILDREN - I4C\"},\"image\":{\"@id\":\"https:\/\/imani4children.org\/fr\/#\/schema\/logo\/image\/\"}}]}<\/script>\n<!-- \/ Yoast SEO plugin. -->","yoast_head_json":{"title":"Nos activit\u00e9s - IMANI4CHILDREN - I4C","robots":{"index":"index","follow":"follow","max-snippet":"max-snippet:-1","max-image-preview":"max-image-preview:large","max-video-preview":"max-video-preview:-1"},"canonical":"https:\/\/imani4children.org\/fr\/ce-que-nous-faisons\/","og_locale":"fr_FR","og_type":"article","og_title":"Nos activit\u00e9s - IMANI4CHILDREN - I4C","og_description":"Avec IMANI4CHILDREN, nous souhaitons nous impliquer activement dans la collecte de fonds pour soutenir des projets d\u00e9di\u00e9s aux enfants du [&hellip;]","og_url":"https:\/\/imani4children.org\/fr\/ce-que-nous-faisons\/","og_site_name":"IMANI4CHILDREN - I4C","article_modified_time":"2026-03-20T17:06:41+00:00","og_image":[{"width":2560,"height":1425,"url":"https:\/\/imani4children.org\/wp-content\/uploads\/2025\/10\/bimbi-a-gaza-500-kb-scaled-e1761118836815.jpeg","type":"image\/jpeg"}],"twitter_card":"summary_large_image","twitter_misc":{"Dur\u00e9e de lecture estim\u00e9e":"5 minutes"},"schema":{"@context":"https:\/\/schema.org","@graph":[{"@type":"WebPage","@id":"https:\/\/imani4children.org\/fr\/ce-que-nous-faisons\/","url":"https:\/\/imani4children.org\/fr\/ce-que-nous-faisons\/","name":"Nos activit\u00e9s - IMANI4CHILDREN - I4C","isPartOf":{"@id":"https:\/\/imani4children.org\/fr\/#website"},"primaryImageOfPage":{"@id":"https:\/\/imani4children.org\/fr\/ce-que-nous-faisons\/#primaryimage"},"image":{"@id":"https:\/\/imani4children.org\/fr\/ce-que-nous-faisons\/#primaryimage"},"thumbnailUrl":"https:\/\/imani4children.org\/wp-content\/uploads\/2025\/10\/bimbi-a-gaza-500-kb-scaled-e1761118836815.jpeg","datePublished":"2026-03-20T12:04:25+00:00","dateModified":"2026-03-20T17:06:41+00:00","breadcrumb":{"@id":"https:\/\/imani4children.org\/fr\/ce-que-nous-faisons\/#breadcrumb"},"inLanguage":"fr-FR","potentialAction":[{"@type":"ReadAction","target":["https:\/\/imani4children.org\/fr\/ce-que-nous-faisons\/"]}]},{"@type":"ImageObject","inLanguage":"fr-FR","@id":"https:\/\/imani4children.org\/fr\/ce-que-nous-faisons\/#primaryimage","url":"https:\/\/imani4children.org\/wp-content\/uploads\/2025\/10\/bimbi-a-gaza-500-kb-scaled-e1761118836815.jpeg","contentUrl":"https:\/\/imani4children.org\/wp-content\/uploads\/2025\/10\/bimbi-a-gaza-500-kb-scaled-e1761118836815.jpeg","width":2560,"height":1425},{"@type":"BreadcrumbList","@id":"https:\/\/imani4children.org\/fr\/ce-que-nous-faisons\/#breadcrumb","itemListElement":[{"@type":"ListItem","position":1,"name":"Home","item":"https:\/\/imani4children.org\/fr\/"},{"@type":"ListItem","position":2,"name":"Nos activit\u00e9s"}]},{"@type":"WebSite","@id":"https:\/\/imani4children.org\/fr\/#website","url":"https:\/\/imani4children.org\/fr\/","name":"IMANI4CHILDREN - I4C","description":"Under Construction","publisher":{"@id":"https:\/\/imani4children.org\/fr\/#organization"},"potentialAction":[{"@type":"SearchAction","target":{"@type":"EntryPoint","urlTemplate":"https:\/\/imani4children.org\/fr\/?s={search_term_string}"},"query-input":{"@type":"PropertyValueSpecification","valueRequired":true,"valueName":"search_term_string"}}],"inLanguage":"fr-FR"},{"@type":"Organization","@id":"https:\/\/imani4children.org\/fr\/#organization","name":"IMANI4CHILDREN - I4C","url":"https:\/\/imani4children.org\/fr\/","logo":{"@type":"ImageObject","inLanguage":"fr-FR","@id":"https:\/\/imani4children.org\/fr\/#\/schema\/logo\/image\/","url":"https:\/\/imani4children.org\/wp-content\/uploads\/2025\/11\/imani4children-logo.jpg","contentUrl":"https:\/\/imani4children.org\/wp-content\/uploads\/2025\/11\/imani4children-logo.jpg","width":1137,"height":320,"caption":"IMANI4CHILDREN - I4C"},"image":{"@id":"https:\/\/imani4children.org\/fr\/#\/schema\/logo\/image\/"}}]}},"_links":{"self":[{"href":"https:\/\/imani4children.org\/fr\/wp-json\/wp\/v2\/pages\/4143","targetHints":{"allow":["GET"]}}],"collection":[{"href":"https:\/\/imani4children.org\/fr\/wp-json\/wp\/v2\/pages"}],"about":[{"href":"https:\/\/imani4children.org\/fr\/wp-json\/wp\/v2\/types\/page"}],"author":[{"embeddable":true,"href":"https:\/\/imani4children.org\/fr\/wp-json\/wp\/v2\/users\/1"}],"replies":[{"embeddable":true,"href":"https:\/\/imani4children.org\/fr\/wp-json\/wp\/v2\/comments?post=4143"}],"version-history":[{"count":4,"href":"https:\/\/imani4children.org\/fr\/wp-json\/wp\/v2\/pages\/4143\/revisions"}],"predecessor-version":[{"id":4160,"href":"https:\/\/imani4children.org\/fr\/wp-json\/wp\/v2\/pages\/4143\/revisions\/4160"}],"wp:featuredmedia":[{"embeddable":true,"href":"https:\/\/imani4children.org\/fr\/wp-json\/wp\/v2\/media\/2759"}],"wp:attachment":[{"href":"https:\/\/imani4children.org\/fr\/wp-json\/wp\/v2\/media?parent=4143"}],"curies":[{"name":"wp","href":"https:\/\/api.w.org\/{rel}","templated":true}]}}